{"id":78094,"date":"2020-02-06T09:09:43","date_gmt":"2020-02-06T09:09:43","guid":{"rendered":"https:\/\/litho.themezaa.com\/?page_id=97"},"modified":"2023-01-02T15:41:59","modified_gmt":"2023-01-02T15:41:59","slug":"sustentabilidade-responsabilidade","status":"publish","type":"page","link":"https:\/\/consifex.com\/pt\/sustentabilidade-responsabilidade\/","title":{"rendered":"Sustentabilidade &#038; Responsabilidade Social"},"content":{"rendered":"<div data-elementor-type=\"wp-page\" data-elementor-id=\"78094\" class=\"elementor elementor-78094\">\n\t\t\t\t\t\t<section class=\"elementor-section elementor-top-section elementor-element elementor-element-28bc87e1 elementor-section-full_width elementor-section-height-default elementor-section-height-default\" data-id=\"28bc87e1\" data-element_type=\"section\" data-e-type=\"section\" data-settings=\"{&quot;background_background&quot;:&quot;classic&quot;}\">\n\t\t\t\t\t\t\t<div class=\"elementor-background-overlay\"><\/div>\n\t\t\t\t\t\t\t<div class=\"elementor-container elementor-column-gap-default\">\n\t\t\t\t\t<div class=\"elementor-column elementor-col-100 elementor-top-column elementor-element elementor-element-8b79931\" data-fullscreen-column-settings=\"{&quot;fullscreen&quot;:&quot;&quot;}\" data-id=\"8b79931\" data-element_type=\"column\" data-e-type=\"column\">\n\t\t\t<div class=\"elementor-widget-wrap\">\n\t\t\t\t\t\t\t<\/div>\n\t\t<\/div>\n\t\t\t\t\t<\/div>\n\t\t<\/section>\n\t\t\t\t<section class=\"elementor-section elementor-top-section elementor-element elementor-element-7ee0786 elementor-section-boxed elementor-section-height-default elementor-section-height-default\" data-id=\"7ee0786\" data-element_type=\"section\" data-e-type=\"section\" data-settings=\"{&quot;background_background&quot;:&quot;classic&quot;}\">\n\t\t\t\t\t\t<div class=\"elementor-container elementor-column-gap-default\">\n\t\t\t\t\t<div class=\"elementor-column elementor-col-100 elementor-top-column elementor-element elementor-element-ae7af1b\" data-fullscreen-column-settings=\"{&quot;fullscreen&quot;:&quot;&quot;}\" data-id=\"ae7af1b\" data-element_type=\"column\" data-e-type=\"column\">\n\t\t\t<div class=\"elementor-widget-wrap elementor-element-populated\">\n\t\t\t\t\t\t<div class=\"elementor-element elementor-element-2c07087 elementor-widget elementor-widget-litho-heading\" data-id=\"2c07087\" data-element_type=\"widget\" data-e-type=\"widget\" data-widget_type=\"litho-heading.default\">\n\t\t\t\t<div class=\"elementor-widget-container\">\n\t\t\t\t\t<h1 class=\"litho-heading elementor-size-medium\"><span class=\"litho-primary-title\">Sustentabilidade &amp; Responsabilidade<\/span><\/h1>\t\t\t\t<\/div>\n\t\t\t\t<\/div>\n\t\t\t\t\t<\/div>\n\t\t<\/div>\n\t\t\t\t\t<\/div>\n\t\t<\/section>\n\t\t\t\t<section class=\"elementor-section elementor-top-section elementor-element elementor-element-5c49855 elementor-section-content-middle elementor-section-boxed elementor-section-height-default elementor-section-height-default\" data-id=\"5c49855\" data-element_type=\"section\" data-e-type=\"section\" id=\"about\">\n\t\t\t\t\t\t<div class=\"elementor-container elementor-column-gap-default\">\n\t\t\t\t\t<div class=\"elementor-column elementor-col-33 elementor-top-column elementor-element elementor-element-05cb0e6\" data-fullscreen-column-settings=\"{&quot;fullscreen&quot;:&quot;&quot;}\" data-id=\"05cb0e6\" data-element_type=\"column\" data-e-type=\"column\">\n\t\t\t<div class=\"elementor-widget-wrap elementor-element-populated\">\n\t\t\t\t\t\t<div class=\"elementor-element elementor-element-a8718aa elementor-widget elementor-widget-image\" data-id=\"a8718aa\" data-element_type=\"widget\" data-e-type=\"widget\" data-widget_type=\"image.default\">\n\t\t\t\t<div class=\"elementor-widget-container\">\n\t\t\t\t\t\t\t\t\t\t\t\t\t\t\t<img fetchpriority=\"high\" decoding=\"async\" width=\"800\" height=\"560\" src=\"https:\/\/consifex.com\/wp-content\/uploads\/2022\/12\/consifex-sustentabilidade-Citroen.png\" class=\"attachment-full size-full wp-image-79969\" alt=\"\" srcset=\"https:\/\/consifex.com\/wp-content\/uploads\/2022\/12\/consifex-sustentabilidade-Citroen.png 800w, https:\/\/consifex.com\/wp-content\/uploads\/2022\/12\/consifex-sustentabilidade-Citroen-300x210.png 300w, https:\/\/consifex.com\/wp-content\/uploads\/2022\/12\/consifex-sustentabilidade-Citroen-768x538.png 768w, https:\/\/consifex.com\/wp-content\/uploads\/2022\/12\/consifex-sustentabilidade-Citroen-18x12.png 18w, https:\/\/consifex.com\/wp-content\/uploads\/2022\/12\/consifex-sustentabilidade-Citroen-200x140.png 200w\" sizes=\"(max-width: 800px) 100vw, 800px\" \/>\t\t\t\t\t\t\t\t\t\t\t\t\t\t\t<\/div>\n\t\t\t\t<\/div>\n\t\t\t\t\t<\/div>\n\t\t<\/div>\n\t\t\t\t<div class=\"elementor-column elementor-col-33 elementor-top-column elementor-element elementor-element-7f3573d elementor-hidden-tablet elementor-hidden-phone\" data-fullscreen-column-settings=\"{&quot;fullscreen&quot;:&quot;&quot;}\" data-id=\"7f3573d\" data-element_type=\"column\" data-e-type=\"column\">\n\t\t\t<div class=\"elementor-widget-wrap\">\n\t\t\t\t\t\t\t<\/div>\n\t\t<\/div>\n\t\t\t\t<div class=\"elementor-column elementor-col-33 elementor-top-column elementor-element elementor-element-5428f67\" data-fullscreen-column-settings=\"{&quot;fullscreen&quot;:&quot;&quot;}\" data-id=\"5428f67\" data-element_type=\"column\" data-e-type=\"column\">\n\t\t\t<div class=\"elementor-widget-wrap elementor-element-populated\">\n\t\t\t\t\t\t<div class=\"elementor-element elementor-element-160bc7b elementor-widget-tablet__width-initial elementor-widget__width-initial elementor-widget elementor-widget-litho-heading\" data-id=\"160bc7b\" data-element_type=\"widget\" data-e-type=\"widget\" data-widget_type=\"litho-heading.default\">\n\t\t\t\t<div class=\"elementor-widget-container\">\n\t\t\t\t\t<h5 class=\"litho-heading elementor-size-default\"><span class=\"litho-primary-title\">A estrat\u00e9gia e pol\u00edtica ambiental<\/span><\/h5>\t\t\t\t<\/div>\n\t\t\t\t<\/div>\n\t\t\t\t<div class=\"elementor-element elementor-element-f61ca9a elementor-widget__width-initial elementor-widget-tablet__width-initial elementor-widget elementor-widget-text-editor\" data-id=\"f61ca9a\" data-element_type=\"widget\" data-e-type=\"widget\" data-widget_type=\"text-editor.default\">\n\t\t\t\t<div class=\"elementor-widget-container\">\n\t\t\t\t\t\t\t\t\tOcupa um lugar de destaque na Consifex. Sendo pioneira na ado\u00e7\u00e3o volunt\u00e1ria de diversas pr\u00e1ticas no dom\u00ednio Ambiental, continua incessantemente em busca de solu\u00e7\u00f5es que reforcem os princ\u00edpios subjacentes \u00e0 sustentabilidade ambiental mediante a ado\u00e7\u00e3o de um conjunto de processos e pr\u00e1ticas industriais cada vez mais amigas do ambiente.\t\t\t\t\t\t\t\t<\/div>\n\t\t\t\t<\/div>\n\t\t\t\t\t<\/div>\n\t\t<\/div>\n\t\t\t\t\t<\/div>\n\t\t<\/section>\n\t\t\t\t<section class=\"elementor-section elementor-top-section elementor-element elementor-element-17607f7 elementor-section-content-middle elementor-section-boxed elementor-section-height-default elementor-section-height-default\" data-id=\"17607f7\" data-element_type=\"section\" data-e-type=\"section\">\n\t\t\t\t\t\t<div class=\"elementor-container elementor-column-gap-default\">\n\t\t\t\t\t<div class=\"elementor-column elementor-col-33 elementor-top-column elementor-element elementor-element-9e41f8f elementor-hidden-tablet elementor-hidden-phone\" data-fullscreen-column-settings=\"{&quot;fullscreen&quot;:&quot;&quot;}\" data-id=\"9e41f8f\" data-element_type=\"column\" data-e-type=\"column\">\n\t\t\t<div class=\"elementor-widget-wrap\">\n\t\t\t\t\t\t\t<\/div>\n\t\t<\/div>\n\t\t\t\t<div class=\"elementor-column elementor-col-33 elementor-top-column elementor-element elementor-element-1c12da7\" data-fullscreen-column-settings=\"{&quot;fullscreen&quot;:&quot;&quot;}\" data-id=\"1c12da7\" data-element_type=\"column\" data-e-type=\"column\">\n\t\t\t<div class=\"elementor-widget-wrap elementor-element-populated\">\n\t\t\t\t\t\t<div class=\"elementor-element elementor-element-cc7c8e9 elementor-widget-tablet__width-initial elementor-widget__width-initial elementor-widget elementor-widget-litho-heading\" data-id=\"cc7c8e9\" data-element_type=\"widget\" data-e-type=\"widget\" data-widget_type=\"litho-heading.default\">\n\t\t\t\t<div class=\"elementor-widget-container\">\n\t\t\t\t\t<h5 class=\"litho-heading elementor-size-default\"><span class=\"litho-primary-title\">Responsabilidade Social<\/span><\/h5>\t\t\t\t<\/div>\n\t\t\t\t<\/div>\n\t\t\t\t<div class=\"elementor-element elementor-element-794f895 elementor-widget__width-initial elementor-widget-tablet__width-initial elementor-widget elementor-widget-text-editor\" data-id=\"794f895\" data-element_type=\"widget\" data-e-type=\"widget\" data-widget_type=\"text-editor.default\">\n\t\t\t\t<div class=\"elementor-widget-container\">\n\t\t\t\t\t\t\t\t\tA Responsabilidade Social assume na Consifex um papel \u00edmpar na salvaguarda dos interesses de todas as partes interessadas na performance e bom funcionamento de toda a empresa atrav\u00e9s da ado\u00e7\u00e3o das melhores pr\u00e1ticas, orienta\u00e7\u00f5es e requisitos legais aplic\u00e1veis \u00e0 sua atividade, dentro deste dom\u00ednio.\t\t\t\t\t\t\t\t<\/div>\n\t\t\t\t<\/div>\n\t\t\t\t\t<\/div>\n\t\t<\/div>\n\t\t\t\t<div class=\"elementor-column elementor-col-33 elementor-top-column elementor-element elementor-element-5c22668\" data-fullscreen-column-settings=\"{&quot;fullscreen&quot;:&quot;&quot;}\" data-id=\"5c22668\" data-element_type=\"column\" data-e-type=\"column\">\n\t\t\t<div class=\"elementor-widget-wrap elementor-element-populated\">\n\t\t\t\t\t\t<div class=\"elementor-element elementor-element-b8c1c3e elementor-widget elementor-widget-image\" data-id=\"b8c1c3e\" data-element_type=\"widget\" data-e-type=\"widget\" data-widget_type=\"image.default\">\n\t\t\t\t<div class=\"elementor-widget-container\">\n\t\t\t\t\t\t\t\t\t\t\t\t\t\t\t<img decoding=\"async\" width=\"800\" height=\"500\" src=\"https:\/\/consifex.com\/wp-content\/uploads\/2022\/12\/consifex-responsabilidade-social-site.png\" class=\"attachment-full size-full wp-image-79354\" alt=\"\" srcset=\"https:\/\/consifex.com\/wp-content\/uploads\/2022\/12\/consifex-responsabilidade-social-site.png 800w, https:\/\/consifex.com\/wp-content\/uploads\/2022\/12\/consifex-responsabilidade-social-site-300x188.png 300w, https:\/\/consifex.com\/wp-content\/uploads\/2022\/12\/consifex-responsabilidade-social-site-768x480.png 768w, https:\/\/consifex.com\/wp-content\/uploads\/2022\/12\/consifex-responsabilidade-social-site-18x12.png 18w, https:\/\/consifex.com\/wp-content\/uploads\/2022\/12\/consifex-responsabilidade-social-site-200x125.png 200w\" sizes=\"(max-width: 800px) 100vw, 800px\" \/>\t\t\t\t\t\t\t\t\t\t\t\t\t\t\t<\/div>\n\t\t\t\t<\/div>\n\t\t\t\t\t<\/div>\n\t\t<\/div>\n\t\t\t\t\t<\/div>\n\t\t<\/section>\n\t\t\t\t<\/div>","protected":false},"excerpt":{"rendered":"<p>Sustainability &amp; Responsibility Environmental strategy and policy Environmental strategy and policy occupy a prominent place in Consifex Consifex is a pioneer in the voluntary adoption of several practices in the Environmental field. Besides that, Consifex is constantly searching for solutions that reinforce the principles underlying environmental sustainability, such as the adoption of a set of [&hellip;]<\/p>","protected":false},"author":1,"featured_media":0,"parent":0,"menu_order":255,"comment_status":"closed","ping_status":"closed","template":"","meta":{"footnotes":""},"class_list":["post-78094","page","type-page","status-publish","hentry"],"yoast_head":"<!-- This site is optimized with the Yoast SEO plugin v27.0 - https:\/\/yoast.com\/product\/yoast-seo-wordpress\/ -->\n<title>Consifex - Sustainability &amp; Responsibility<\/title>\n<meta name=\"description\" content=\"Environmental strategy and policy occupy a prominent place in Consifex Consifex is a pioneer in the voluntary adoption of several practices.\" \/>\n<meta name=\"robots\" content=\"index, follow, max-snippet:-1, max-image-preview:large, max-video-preview:-1\" \/>\n<link rel=\"canonical\" href=\"https:\/\/consifex.com\/pt\/sustentabilidade-responsabilidade\/\" \/>\n<meta property=\"og:locale\" content=\"pt_PT\" \/>\n<meta property=\"og:type\" content=\"article\" \/>\n<meta property=\"og:title\" content=\"Consifex - Sustainability &amp; Responsibility\" \/>\n<meta property=\"og:description\" content=\"Environmental strategy and policy occupy a prominent place in Consifex Consifex is a pioneer in the voluntary adoption of several practices.\" \/>\n<meta property=\"og:url\" content=\"https:\/\/consifex.com\/pt\/sustentabilidade-responsabilidade\/\" \/>\n<meta property=\"og:site_name\" content=\"Consifex\" \/>\n<meta property=\"article:modified_time\" content=\"2023-01-02T15:41:59+00:00\" \/>\n<meta property=\"og:image\" content=\"https:\/\/consifex.com\/wp-content\/uploads\/2022\/12\/consifex-sustentabilidade-Citroen.png\" \/>\n<meta name=\"twitter:card\" content=\"summary_large_image\" \/>\n<meta name=\"twitter:label1\" content=\"Tempo estimado de leitura\" \/>\n\t<meta name=\"twitter:data1\" content=\"2 minutos\" \/>\n<script type=\"application\/ld+json\" class=\"yoast-schema-graph\">{\"@context\":\"https:\/\/schema.org\",\"@graph\":[{\"@type\":\"WebPage\",\"@id\":\"https:\/\/consifex.com\/sustentabilidade-responsabilidade\/\",\"url\":\"https:\/\/consifex.com\/sustentabilidade-responsabilidade\/\",\"name\":\"Consifex - Sustainability & Responsibility\",\"isPartOf\":{\"@id\":\"https:\/\/consifex.com\/#website\"},\"primaryImageOfPage\":{\"@id\":\"https:\/\/consifex.com\/sustentabilidade-responsabilidade\/#primaryimage\"},\"image\":{\"@id\":\"https:\/\/consifex.com\/sustentabilidade-responsabilidade\/#primaryimage\"},\"thumbnailUrl\":\"https:\/\/consifex.com\/wp-content\/uploads\/2022\/12\/consifex-sustentabilidade-Citroen.png\",\"datePublished\":\"2020-02-06T09:09:43+00:00\",\"dateModified\":\"2023-01-02T15:41:59+00:00\",\"description\":\"Environmental strategy and policy occupy a prominent place in Consifex Consifex is a pioneer in the voluntary adoption of several practices.\",\"breadcrumb\":{\"@id\":\"https:\/\/consifex.com\/sustentabilidade-responsabilidade\/#breadcrumb\"},\"inLanguage\":\"pt-PT\",\"potentialAction\":[{\"@type\":\"ReadAction\",\"target\":[\"https:\/\/consifex.com\/sustentabilidade-responsabilidade\/\"]}]},{\"@type\":\"ImageObject\",\"inLanguage\":\"pt-PT\",\"@id\":\"https:\/\/consifex.com\/sustentabilidade-responsabilidade\/#primaryimage\",\"url\":\"https:\/\/consifex.com\/wp-content\/uploads\/2022\/12\/consifex-sustentabilidade-Citroen.png\",\"contentUrl\":\"https:\/\/consifex.com\/wp-content\/uploads\/2022\/12\/consifex-sustentabilidade-Citroen.png\"},{\"@type\":\"BreadcrumbList\",\"@id\":\"https:\/\/consifex.com\/sustentabilidade-responsabilidade\/#breadcrumb\",\"itemListElement\":[{\"@type\":\"ListItem\",\"position\":1,\"name\":\"In\u00edcio\",\"item\":\"https:\/\/consifex.com\/\"},{\"@type\":\"ListItem\",\"position\":2,\"name\":\"Sustentabilidade &#038; Responsabilidade Social\"}]},{\"@type\":\"WebSite\",\"@id\":\"https:\/\/consifex.com\/#website\",\"url\":\"https:\/\/consifex.com\/\",\"name\":\"Consifex\",\"description\":\"Premium Clothing Manufacturers in Portugal Since 1989\",\"alternateName\":\"Consifex\",\"potentialAction\":[{\"@type\":\"SearchAction\",\"target\":{\"@type\":\"EntryPoint\",\"urlTemplate\":\"https:\/\/consifex.com\/?s={search_term_string}\"},\"query-input\":{\"@type\":\"PropertyValueSpecification\",\"valueRequired\":true,\"valueName\":\"search_term_string\"}}],\"inLanguage\":\"pt-PT\"}]}<\/script>\n<!-- \/ Yoast SEO plugin. -->","yoast_head_json":{"title":"Consifex - Sustainability & Responsibility","description":"Environmental strategy and policy occupy a prominent place in Consifex Consifex is a pioneer in the voluntary adoption of several practices.","robots":{"index":"index","follow":"follow","max-snippet":"max-snippet:-1","max-image-preview":"max-image-preview:large","max-video-preview":"max-video-preview:-1"},"canonical":"https:\/\/consifex.com\/pt\/sustentabilidade-responsabilidade\/","og_locale":"pt_PT","og_type":"article","og_title":"Consifex - Sustainability & Responsibility","og_description":"Environmental strategy and policy occupy a prominent place in Consifex Consifex is a pioneer in the voluntary adoption of several practices.","og_url":"https:\/\/consifex.com\/pt\/sustentabilidade-responsabilidade\/","og_site_name":"Consifex","article_modified_time":"2023-01-02T15:41:59+00:00","og_image":[{"url":"https:\/\/consifex.com\/wp-content\/uploads\/2022\/12\/consifex-sustentabilidade-Citroen.png","type":"","width":"","height":""}],"twitter_card":"summary_large_image","twitter_misc":{"Tempo estimado de leitura":"2 minutos"},"schema":{"@context":"https:\/\/schema.org","@graph":[{"@type":"WebPage","@id":"https:\/\/consifex.com\/sustentabilidade-responsabilidade\/","url":"https:\/\/consifex.com\/sustentabilidade-responsabilidade\/","name":"Consifex - Sustainability & Responsibility","isPartOf":{"@id":"https:\/\/consifex.com\/#website"},"primaryImageOfPage":{"@id":"https:\/\/consifex.com\/sustentabilidade-responsabilidade\/#primaryimage"},"image":{"@id":"https:\/\/consifex.com\/sustentabilidade-responsabilidade\/#primaryimage"},"thumbnailUrl":"https:\/\/consifex.com\/wp-content\/uploads\/2022\/12\/consifex-sustentabilidade-Citroen.png","datePublished":"2020-02-06T09:09:43+00:00","dateModified":"2023-01-02T15:41:59+00:00","description":"Environmental strategy and policy occupy a prominent place in Consifex Consifex is a pioneer in the voluntary adoption of several practices.","breadcrumb":{"@id":"https:\/\/consifex.com\/sustentabilidade-responsabilidade\/#breadcrumb"},"inLanguage":"pt-PT","potentialAction":[{"@type":"ReadAction","target":["https:\/\/consifex.com\/sustentabilidade-responsabilidade\/"]}]},{"@type":"ImageObject","inLanguage":"pt-PT","@id":"https:\/\/consifex.com\/sustentabilidade-responsabilidade\/#primaryimage","url":"https:\/\/consifex.com\/wp-content\/uploads\/2022\/12\/consifex-sustentabilidade-Citroen.png","contentUrl":"https:\/\/consifex.com\/wp-content\/uploads\/2022\/12\/consifex-sustentabilidade-Citroen.png"},{"@type":"BreadcrumbList","@id":"https:\/\/consifex.com\/sustentabilidade-responsabilidade\/#breadcrumb","itemListElement":[{"@type":"ListItem","position":1,"name":"In\u00edcio","item":"https:\/\/consifex.com\/"},{"@type":"ListItem","position":2,"name":"Sustentabilidade &#038; Responsabilidade Social"}]},{"@type":"WebSite","@id":"https:\/\/consifex.com\/#website","url":"https:\/\/consifex.com\/","name":"Consifex","description":"Premium Clothing Manufacturers in Portugal Since 1989","alternateName":"Consifex","potentialAction":[{"@type":"SearchAction","target":{"@type":"EntryPoint","urlTemplate":"https:\/\/consifex.com\/?s={search_term_string}"},"query-input":{"@type":"PropertyValueSpecification","valueRequired":true,"valueName":"search_term_string"}}],"inLanguage":"pt-PT"}]}},"_links":{"self":[{"href":"https:\/\/consifex.com\/pt\/wp-json\/wp\/v2\/pages\/78094","targetHints":{"allow":["GET"]}}],"collection":[{"href":"https:\/\/consifex.com\/pt\/wp-json\/wp\/v2\/pages"}],"about":[{"href":"https:\/\/consifex.com\/pt\/wp-json\/wp\/v2\/types\/page"}],"author":[{"embeddable":true,"href":"https:\/\/consifex.com\/pt\/wp-json\/wp\/v2\/users\/1"}],"replies":[{"embeddable":true,"href":"https:\/\/consifex.com\/pt\/wp-json\/wp\/v2\/comments?post=78094"}],"version-history":[{"count":81,"href":"https:\/\/consifex.com\/pt\/wp-json\/wp\/v2\/pages\/78094\/revisions"}],"predecessor-version":[{"id":80342,"href":"https:\/\/consifex.com\/pt\/wp-json\/wp\/v2\/pages\/78094\/revisions\/80342"}],"wp:attachment":[{"href":"https:\/\/consifex.com\/pt\/wp-json\/wp\/v2\/media?parent=78094"}],"curies":[{"name":"wp","href":"https:\/\/api.w.org\/{rel}","templated":true}]}}